{"id":4938,"date":"2020-04-16T06:24:29","date_gmt":"2020-04-16T04:24:29","guid":{"rendered":"http:\/\/www.skyline.de\/?page_id=4938"},"modified":"2020-04-16T06:24:31","modified_gmt":"2020-04-16T04:24:31","slug":"politique-de-confidentialite","status":"publish","type":"page","link":"https:\/\/www.skyline.de\/fr\/politique-de-confidentialite\/","title":{"rendered":"politique de confidentialit\u00e9"},"content":{"rendered":"<h3><span>D\u00e9claration de protection des donn\u00e9es<\/span><\/h3>\n<p><span>Nous sommes tr\u00e8s heureux que vous soyez int\u00e9ress\u00e9 par notre entreprise.&nbsp;La protection des donn\u00e9es a une priorit\u00e9 particuli\u00e8rement \u00e9lev\u00e9e pour la gestion de Skyline Pet Products GmbH.&nbsp;L&rsquo;utilisation du site Web de Skyline Pet Products GmbH est g\u00e9n\u00e9ralement possible sans fournir de donn\u00e9es personnelles.&nbsp;Si une personne concern\u00e9e souhaite utiliser les services sp\u00e9ciaux de notre entreprise via notre site Web, le traitement des donn\u00e9es personnelles peut \u00eatre n\u00e9cessaire.&nbsp;Si le traitement des donn\u00e9es personnelles est requis et qu&rsquo;il n&rsquo;y a pas de base l\u00e9gale pour un tel traitement, nous obtenons g\u00e9n\u00e9ralement le consentement de la personne concern\u00e9e.<\/span><\/p>\n<p><span>Le traitement des donn\u00e9es personnelles, par exemple le nom, l&rsquo;adresse, l&rsquo;adresse e-mail ou le num\u00e9ro de t\u00e9l\u00e9phone d&rsquo;une personne concern\u00e9e, se d\u00e9roule toujours conform\u00e9ment au r\u00e8glement g\u00e9n\u00e9ral sur la protection des donn\u00e9es et conform\u00e9ment aux r\u00e9glementations nationales sur la protection des donn\u00e9es applicables \u00e0 Skyline Pet Products GmbH.&nbsp;Au moyen de cette d\u00e9claration de protection des donn\u00e9es, notre entreprise souhaite informer le public sur le type, la port\u00e9e et la finalit\u00e9 des donn\u00e9es personnelles que nous collectons, utilisons et traitons.&nbsp;En outre, les personnes concern\u00e9es sont inform\u00e9es de leurs droits par le biais de cette d\u00e9claration de protection des donn\u00e9es.<\/span><\/p>\n<p><span>Skyline Pet Products GmbH, en tant que responsable du traitement, a mis en \u0153uvre de nombreuses mesures techniques et organisationnelles pour assurer la protection la plus compl\u00e8te possible des donn\u00e9es personnelles trait\u00e9es via ce site Web.&nbsp;N\u00e9anmoins, les transmissions de donn\u00e9es sur Internet peuvent g\u00e9n\u00e9ralement pr\u00e9senter des failles de s\u00e9curit\u00e9, de sorte qu&rsquo;une protection absolue ne peut \u00eatre garantie.&nbsp;Pour cette raison, chaque personne concern\u00e9e est libre de nous transmettre des donn\u00e9es personnelles de mani\u00e8re alternative, par exemple par t\u00e9l\u00e9phone.<\/span><\/p>\n<p><strong><span>1. D\u00e9finitions<\/span><\/strong><br>\n<span>La d\u00e9claration de protection des donn\u00e9es de Skyline Pet Products GmbH est bas\u00e9e sur la terminologie utilis\u00e9e par le responsable europ\u00e9en des directives et r\u00e8glements lors de la publication du r\u00e8glement g\u00e9n\u00e9ral sur la protection des donn\u00e9es (RGPD).&nbsp;Notre d\u00e9claration de protection des donn\u00e9es doit \u00eatre facile \u00e0 lire et \u00e0 comprendre pour le public ainsi que pour nos clients et partenaires commerciaux.&nbsp;Pour cela, nous souhaitons expliquer \u00e0 l&rsquo;avance les termes utilis\u00e9s.<\/span><\/p>\n<p><span>Nous utilisons les termes suivants dans cette d\u00e9claration de protection des donn\u00e9es:<\/span><\/p>\n<p><span>a) Donn\u00e9es<\/span><br>\n<span>personnelles&nbsp;Les donn\u00e9es&nbsp;personnelles sont toutes les informations qui concernent une personne physique identifi\u00e9e ou identifiable (ci-apr\u00e8s d\u00e9nomm\u00e9e \u00ab\u00a0personne concern\u00e9e\u00a0\u00bb).&nbsp;Une personne physique est consid\u00e9r\u00e9e comme identifiable si, directement ou indirectement, notamment au moyen d&rsquo;une affectation \u00e0 un identifiant tel qu&rsquo;un nom, un num\u00e9ro d&rsquo;identification, des donn\u00e9es de localisation, un identifiant en ligne ou une ou plusieurs caract\u00e9ristiques particuli\u00e8res, l&rsquo;expression de la physique, physiologique, l&rsquo;identit\u00e9 g\u00e9n\u00e9tique, psychologique, \u00e9conomique, culturelle ou sociale de cette personne physique peut \u00eatre identifi\u00e9e.<\/span><\/p>\n<p><span>b)<\/span><br>\n<span>Personne concern\u00e9e La personne concern\u00e9e est toute personne physique identifi\u00e9e ou identifiable dont les donn\u00e9es personnelles sont trait\u00e9es par le responsable du traitement.<\/span><\/p>\n<p><span>c) Traitement Le<\/span><br>\n<span>traitement est tout processus ou s\u00e9rie de processus effectu\u00e9s avec ou sans l&rsquo;aide de processus automatis\u00e9s en relation avec des donn\u00e9es personnelles telles que la collecte, l&rsquo;enregistrement, l&rsquo;organisation, la commande, le stockage, l&rsquo;adaptation ou la modification, la lecture, l&rsquo;interrogation, l&rsquo;utilisation, la divulgation par transmission, distribution ou toute autre forme de fourniture, de comparaison ou de liaison, de restriction, de suppression ou de destruction.<\/span><\/p>\n<p><span>d) Limitation du traitement La<\/span><br>\n<span>restriction du traitement est le marquage des donn\u00e9es personnelles stock\u00e9es dans le but de restreindre leur traitement futur.<\/span><\/p>\n<p><span>e) Profilage Le<\/span><br>\n<span>profilage est tout type de traitement automatis\u00e9 de donn\u00e9es \u00e0 caract\u00e8re personnel, qui consiste dans le fait que ces donn\u00e9es \u00e0 caract\u00e8re personnel sont utilis\u00e9es pour \u00e9valuer certains aspects personnels li\u00e9s \u00e0 une personne physique, en particulier les aspects li\u00e9s \u00e0 la performance au travail, la situation \u00e9conomique, Analyser ou pr\u00e9dire la sant\u00e9, les pr\u00e9f\u00e9rences personnelles, les int\u00e9r\u00eats, la fiabilit\u00e9, le comportement, l&#8217;emplacement ou la relocalisation de cette personne physique.<\/span><\/p>\n<p>f) Pseudonymisierung<br>\nPseudonymisierung ist die Verarbeitung personenbezogener Daten in einer Weise, auf welche die personenbezogenen Daten ohne Hinzuziehung zus\u00e4tzlicher Informationen nicht mehr einer spezifischen betroffenen Person zugeordnet werden k\u00f6nnen, sofern diese zus\u00e4tzlichen Informationen gesondert aufbewahrt werden und technischen und organisatorischen Ma\u00dfnahmen unterliegen, die gew\u00e4hrleisten, dass die personenbezogenen Daten nicht einer identifizierten oder identifizierbaren nat\u00fcrlichen Person zugewiesen werden.<\/p>\n<p><span>g) Le responsable ou le<\/span><br>\n<span>responsable du traitement&nbsp;ou le&nbsp;responsable du traitement est la personne physique ou morale, l&rsquo;autorit\u00e9 publique, l&rsquo;agence ou tout autre organisme qui, seul ou avec d&rsquo;autres, d\u00e9cide des finalit\u00e9s et des moyens du traitement des donn\u00e9es personnelles.&nbsp;Si les finalit\u00e9s et les moyens de ce traitement sont pr\u00e9cis\u00e9s par le droit de l&rsquo;Union ou le droit des \u00c9tats membres, la personne responsable ou les crit\u00e8res sp\u00e9cifiques pour les nommer peuvent \u00eatre fournis conform\u00e9ment au droit de l&rsquo;Union ou au droit des \u00c9tats membres.<\/span><\/p>\n<p><span>h) Processeur Le<\/span><br>\n<span>processeur est une personne physique ou morale, une autorit\u00e9 publique, une agence ou un autre organisme qui traite des donn\u00e9es personnelles au nom de la personne responsable.<\/span><\/p>\n<p><span>i) Destinataire Le<\/span><br>\n<span>destinataire est une personne physique ou morale, une autorit\u00e9 publique, une agence ou un autre organisme \u00e0 qui des donn\u00e9es personnelles sont divulgu\u00e9es, qu&rsquo;il s&rsquo;agisse d&rsquo;un tiers ou non.&nbsp;Toutefois, les autorit\u00e9s qui peuvent recevoir des donn\u00e9es \u00e0 caract\u00e8re personnel dans le cadre d&rsquo;un mandat d&rsquo;enqu\u00eate sp\u00e9cifique en vertu du droit de l&rsquo;Union ou du droit des \u00c9tats membres ne sont pas consid\u00e9r\u00e9es comme des destinataires.<\/span><\/p>\n<p><span>j) Un tiers<\/span><br>\n<span>est une personne physique ou morale, une autorit\u00e9 publique, une agence ou un autre organisme autre que la personne concern\u00e9e, le responsable du traitement, le sous-traitant et les personnes autoris\u00e9es \u00e0 traiter les donn\u00e9es \u00e0 caract\u00e8re personnel sous la responsabilit\u00e9 directe du responsable du traitement ou du sous-traitant.<\/span><\/p>\n<p><span>k) Consentement Le<\/span><br>\n<span>consentement est toute expression de volont\u00e9 donn\u00e9e volontairement par la personne concern\u00e9e pour le cas sp\u00e9cifique de mani\u00e8re \u00e9clair\u00e9e et sans \u00e9quivoque sous la forme d&rsquo;une d\u00e9claration ou d&rsquo;un autre acte de confirmation clair par lequel la personne concern\u00e9e indique qu&rsquo;elle traite la personne concern\u00e9e. les donn\u00e9es personnelles sont d&rsquo;accord.<\/span><\/p>\n<p><strong><span>2. Le nom et l&rsquo;adresse de la personne<\/span><\/strong><br>\n<span>responsable&nbsp;<strong>du traitement<\/strong>&nbsp;au sens du r\u00e8glement g\u00e9n\u00e9ral sur la protection des donn\u00e9es, d&rsquo;autres lois sur la protection des donn\u00e9es applicables dans les \u00c9tats membres de l&rsquo;Union europ\u00e9enne et d&rsquo;autres dispositions ayant un caract\u00e8re de protection des donn\u00e9es sont:<\/span><\/p>\n<p><span>SKYLINE PET PRODUCTS GMBH<\/span><br>\n<span>Beihingerstr.12<\/span><br>\n<span>71691 Freiberg<\/span><br>\n<span>Allemagne<\/span><br>\n<span>T\u00e9l .: 07141-8662880<\/span><br>\n<span>E-mail:&nbsp;&nbsp;<\/span><a><span>kontakt@skyline.de<\/span><\/a><br>\n<span>Site Web:&nbsp;&nbsp;<\/span><a href=\"https:\/\/www.skyline.de\/undefined\/\"><span>www.skyline.de<\/span><\/a><\/p>\n<p><strong><span>3. Cookies<\/span><\/strong><br>\n<span>Les sites Internet de Skyline Pet Products GmbH utilisent des cookies.&nbsp;Les cookies sont des fichiers texte qui sont stock\u00e9s et stock\u00e9s sur un syst\u00e8me informatique via un navigateur Internet.<\/span><\/p>\n<p><span>De nombreux sites Web et serveurs utilisent des cookies.&nbsp;De nombreux cookies contiennent un soi-disant identifiant de cookie.&nbsp;Un identifiant de cookie est un identifiant unique du cookie.&nbsp;Il se compose d&rsquo;une cha\u00eene de caract\u00e8res \u00e0 travers laquelle les sites Web et les serveurs peuvent \u00eatre attribu\u00e9s au navigateur Internet sp\u00e9cifique dans lequel le cookie a \u00e9t\u00e9 stock\u00e9.&nbsp;Cela permet aux sites Web et aux serveurs visit\u00e9s de distinguer le navigateur individuel de la personne concern\u00e9e des autres navigateurs Internet qui contiennent d&rsquo;autres cookies.&nbsp;Un navigateur Internet sp\u00e9cifique peut \u00eatre reconnu et identifi\u00e9 \u00e0 l&rsquo;aide de l&rsquo;identifiant de cookie unique.<\/span><\/p>\n<p><span>En utilisant des cookies, Skyline Pet Products GmbH peut fournir aux utilisateurs de ce site Web des services plus conviviaux qui ne seraient pas possibles sans la configuration des cookies.<\/span><\/p>\n<p><span>Un cookie peut \u00eatre utilis\u00e9 pour optimiser les informations et les offres de notre site Web dans l&rsquo;int\u00e9r\u00eat de l&rsquo;utilisateur.&nbsp;Comme d\u00e9j\u00e0 mentionn\u00e9, les cookies nous permettent de reconna\u00eetre les utilisateurs de notre site Web.&nbsp;Le but de cette reconnaissance est de faciliter l&rsquo;utilisation de notre site Web par les utilisateurs.&nbsp;L&rsquo;utilisateur d&rsquo;un site Web qui utilise des cookies, par exemple, n&rsquo;a pas \u00e0 saisir ses donn\u00e9es d&rsquo;acc\u00e8s \u00e0 chaque fois qu&rsquo;il visite le site Web, car elles sont reprises par le site Web et le cookie stock\u00e9 sur le syst\u00e8me informatique de l&rsquo;utilisateur.&nbsp;Un autre exemple est le cookie d&rsquo;un panier d&rsquo;achat dans la boutique en ligne.&nbsp;La boutique en ligne se souvient des articles qu&rsquo;un client a plac\u00e9s dans le panier virtuel via un cookie.<\/span><br>\n<span>La personne concern\u00e9e peut \u00e0 tout moment emp\u00eacher la mise en place de cookies par notre site Internet au moyen d&rsquo;une configuration correspondante du navigateur Internet utilis\u00e9 et ainsi s&rsquo;opposer d\u00e9finitivement \u00e0 la mise en place de cookies.&nbsp;De plus, les cookies d\u00e9j\u00e0 d\u00e9finis peuvent \u00eatre supprim\u00e9s \u00e0 tout moment \u00e0 l&rsquo;aide d&rsquo;un navigateur Internet ou d&rsquo;autres logiciels.&nbsp;Cela est possible dans tous les navigateurs Internet courants.&nbsp;Si la personne concern\u00e9e d\u00e9sactive la configuration des cookies dans le navigateur Internet utilis\u00e9, dans certaines circonstances, toutes les fonctions de notre site Web ne peuvent pas \u00eatre utilis\u00e9es dans leur int\u00e9gralit\u00e9.<\/span><\/p>\n<p><strong><span>4. Collecte de donn\u00e9es et d&rsquo;informations g\u00e9n\u00e9rales<\/span><\/strong><br>\n<span>Le site Web de Skyline Pet Products GmbH recueille une s\u00e9rie de donn\u00e9es et d&rsquo;informations g\u00e9n\u00e9rales chaque fois qu&rsquo;une personne concern\u00e9e ou un syst\u00e8me automatis\u00e9 appelle le site Web.&nbsp;Ces donn\u00e9es et informations g\u00e9n\u00e9rales sont stock\u00e9es dans les fichiers journaux du serveur.&nbsp;Les \u00e9l\u00e9ments suivants peuvent \u00eatre enregistr\u00e9s: (1) les types et versions de navigateur utilis\u00e9s, (2) le syst\u00e8me d&rsquo;exploitation utilis\u00e9 par le syst\u00e8me d&rsquo;acc\u00e8s, (3) le site Web \u00e0 partir duquel un syst\u00e8me d&rsquo;acc\u00e8s acc\u00e8de \u00e0 notre site Web (appel\u00e9 r\u00e9f\u00e9rent), (4) les sous-sites Web qui utilisent un syst\u00e8me d&rsquo;acc\u00e8s sur notre site Web peut \u00eatre contr\u00f4l\u00e9, (5) la date et l&rsquo;heure d&rsquo;acc\u00e8s au site Web, (6) une adresse de protocole Internet (adresse IP),<\/span><\/p>\n<p><span>En utilisant ces donn\u00e9es et informations g\u00e9n\u00e9rales, Skyline Pet Products GmbH ne tire aucune conclusion sur la personne concern\u00e9e.&nbsp;Au contraire, ces informations sont n\u00e9cessaires pour (1) fournir correctement le contenu de notre site Web, (2) optimiser le contenu de notre site Web et la publicit\u00e9 pour celui-ci, (3) pour assurer la fonctionnalit\u00e9 \u00e0 long terme de nos syst\u00e8mes informatiques et la technologie de notre site Web et ( 4) fournir aux autorit\u00e9s r\u00e9pressives les informations n\u00e9cessaires \u00e0 l&rsquo;application des lois en cas de cyberattaque.&nbsp;Ces donn\u00e9es et informations collect\u00e9es de mani\u00e8re anonyme sont donc statistiquement \u00e9valu\u00e9es par Skyline Pet Products GmbH et \u00e9galement dans le but d&rsquo;augmenter la protection et la s\u00e9curit\u00e9 des donn\u00e9es dans notre entreprise.&nbsp;pour garantir \u00e0 terme un niveau de protection optimal des donn\u00e9es personnelles que nous traitons.&nbsp;Les donn\u00e9es anonymes des fichiers journaux du serveur sont stock\u00e9es s\u00e9par\u00e9ment de toutes les donn\u00e9es personnelles fournies par une personne concern\u00e9e.<\/span><\/p>\n<p><strong><span>5. Suppression et blocage<\/span><\/strong><br>\n<span>courants&nbsp;<strong>des donn\u00e9es personnelles<\/strong>&nbsp;Le responsable du traitement traite et stocke les donn\u00e9es personnelles de la personne concern\u00e9e uniquement pendant la p\u00e9riode n\u00e9cessaire \u00e0 la r\u00e9alisation de l&rsquo;objectif de stockage ou si cela est fait par les directives et r\u00e9glementations europ\u00e9ennes ou par un autre l\u00e9gislateur. ou les r\u00e9glementations auxquelles le responsable du traitement est soumis.<\/span><br>\n<span>Si l&rsquo;objectif de stockage ne s&rsquo;applique plus ou si une p\u00e9riode de stockage prescrite par la directive europ\u00e9enne et le fournisseur d&rsquo;ordonnances ou un autre l\u00e9gislateur responsable expire, les donn\u00e9es personnelles seront syst\u00e9matiquement bloqu\u00e9es ou supprim\u00e9es conform\u00e9ment aux dispositions l\u00e9gales.<\/span><\/p>\n<p><strong><span>6. Droits de la personne<\/span><\/strong><span>&nbsp;concern\u00e9e<\/span><br>\n<span>a) Droit \u00e0 la confirmation<\/span><br>\n<span>Chaque personne concern\u00e9e a le droit accord\u00e9 par la directive europ\u00e9enne et l&rsquo;autorit\u00e9 de r\u00e9gulation de demander au responsable du traitement de confirmer si les donn\u00e9es personnelles la concernant sont en cours de traitement.&nbsp;Si une personne concern\u00e9e souhaite exercer ce droit de confirmation, elle peut \u00e0 tout moment contacter un employ\u00e9 du responsable du traitement.<\/span><\/p>\n<p><span>b) Droit \u00e0 l&rsquo;information<\/span><br>\n<span>Toute personne concern\u00e9e par le traitement des donn\u00e9es personnelles a le droit accord\u00e9 par le donneur de directive et de r\u00e8glement europ\u00e9en de recevoir gratuitement des informations sur les donn\u00e9es personnelles stock\u00e9es \u00e0 son sujet et une copie de ces informations du responsable du traitement \u00e0 tout moment.&nbsp;En outre, le donneur de directive et de r\u00e8glement europ\u00e9en a accord\u00e9 \u00e0 la personne concern\u00e9e des informations sur les informations suivantes:<\/span><\/p>\n<ul>\n<li><span>les finalit\u00e9s du traitement<\/span><\/li>\n<li><span>les cat\u00e9gories de donn\u00e9es personnelles trait\u00e9es<\/span><\/li>\n<li><span>les destinataires ou cat\u00e9gories de destinataires auxquels les donn\u00e9es \u00e0 caract\u00e8re personnel ont \u00e9t\u00e9 ou seront divulgu\u00e9es, en particulier pour les destinataires dans des pays tiers ou avec des organisations internationales<\/span><\/li>\n<li><span>si possible, la dur\u00e9e pr\u00e9vue pour laquelle les donn\u00e9es personnelles seront stock\u00e9es ou, si cela n&rsquo;est pas possible, les crit\u00e8res de d\u00e9termination de cette dur\u00e9e<\/span><\/li>\n<li><span>l&rsquo;existence d&rsquo;un droit \u00e0 la rectification ou \u00e0 la suppression des donn\u00e9es personnelles les concernant ou \u00e0 la limitation du traitement par le responsable ou un droit d&rsquo;opposition \u00e0 ce traitement<\/span><\/li>\n<li><span>le droit de d\u00e9poser une plainte aupr\u00e8s d&rsquo;une autorit\u00e9 de contr\u00f4le si les donn\u00e9es personnelles ne sont pas collect\u00e9es aupr\u00e8s de la personne concern\u00e9e: toutes les informations disponibles sur l&rsquo;origine des donn\u00e9es<\/span><\/li>\n<li><span>l&rsquo;existence d&rsquo;une prise de d\u00e9cision automatis\u00e9e, y compris le profilage, conform\u00e9ment \u00e0 l&rsquo;article 22, paragraphes 1 et 4 du RGPD et &#8211; au moins dans ces cas &#8211; des informations significatives sur la logique impliqu\u00e9e et la port\u00e9e et les effets attendus d&rsquo;un tel traitement pour la personne concern\u00e9e<\/span><\/li>\n<\/ul>\n<p><span>La personne concern\u00e9e a \u00e9galement le droit de savoir si des donn\u00e9es \u00e0 caract\u00e8re personnel ont \u00e9t\u00e9 transf\u00e9r\u00e9es vers un pays tiers ou vers une organisation internationale.&nbsp;Si tel est le cas, la personne concern\u00e9e a \u00e9galement le droit de recevoir des informations sur les garanties appropri\u00e9es li\u00e9es au transfert.<\/span><br>\n<span>Si une personne concern\u00e9e souhaite exercer ce droit \u00e0 l&rsquo;information, elle peut \u00e0 tout moment contacter un employ\u00e9 du responsable du traitement.<\/span><\/p>\n<p>c) Recht auf Berichtigung<br>\nJede von der Verarbeitung personenbezogener Daten betroffene Person hat das vom Europ\u00e4ischen Richtlinien- und Verordnungsgeber gew\u00e4hrte Recht, die unverz\u00fcgliche Berichtigung sie betreffender unrichtiger personenbezogener Daten zu verlangen. Ferner steht der betroffenen Person das Recht zu, unter Ber\u00fccksichtigung der Zwecke der Verarbeitung, die Vervollst\u00e4ndigung unvollst\u00e4ndiger personenbezogener Daten \u2014 auch mittels einer erg\u00e4nzenden Erkl\u00e4rung \u2014 zu verlangen.<br>\nM\u00f6chte eine betroffene Person dieses Berichtigungsrecht in Anspruch nehmen, kann sie sich hierzu jederzeit an einen Mitarbeiter des f\u00fcr die Verarbeitung Verantwortlichen wenden.<\/p>\n<p><span>d) Droit \u00e0 l&rsquo;effacement (droit \u00e0 l&rsquo;oubli)<\/span><br>\n<span>Toute personne affect\u00e9e par le traitement des donn\u00e9es personnelles a le droit accord\u00e9 par la directive europ\u00e9enne et le donneur de r\u00e8glement d&rsquo;exiger de la personne responsable la suppression imm\u00e9diate de ses donn\u00e9es personnelles, si l&rsquo;une des situations suivantes Des raisons s&rsquo;appliquent et si le traitement n&rsquo;est pas n\u00e9cessaire:<\/span><\/p>\n<ul>\n<li><span>Les donn\u00e9es personnelles ont \u00e9t\u00e9 collect\u00e9es \u00e0 de telles fins ou trait\u00e9es de toute autre mani\u00e8re pour laquelle elles ne sont plus n\u00e9cessaires.<\/span><\/li>\n<li><span>La personne concern\u00e9e retire son consentement sur lequel le traitement \u00e9tait bas\u00e9 conform\u00e9ment \u00e0 l&rsquo;article 6, paragraphe 1, point a), du RGPD ou \u00e0 l&rsquo;article 9, paragraphe 2, point a), du RGPD et il n&rsquo;y a aucune autre base juridique pour le traitement.<\/span><\/li>\n<li><span>La personne concern\u00e9e s&rsquo;oppose au traitement conform\u00e9ment \u00e0 l&rsquo;article 21, paragraphe 1, du RGPD et il n&rsquo;existe aucun motif l\u00e9gitime imp\u00e9rieux pour le traitement, ou la personne concern\u00e9e s&rsquo;oppose au traitement conform\u00e9ment \u00e0 l&rsquo;article 21, paragraphe 2, du RGPD. Traitement a.<\/span><\/li>\n<li><span>Les donn\u00e9es personnelles ont \u00e9t\u00e9 trait\u00e9es ill\u00e9galement.<\/span><\/li>\n<li><span>La suppression des donn\u00e9es personnelles est n\u00e9cessaire pour remplir une obligation l\u00e9gale en vertu du droit de l&rsquo;Union ou du droit des \u00c9tats membres auxquels le responsable du traitement est soumis.<\/span><\/li>\n<li><span>Les donn\u00e9es personnelles ont \u00e9t\u00e9 collect\u00e9es dans le cadre des services de la soci\u00e9t\u00e9 de l&rsquo;information offerts conform\u00e9ment \u00e0 l&rsquo;article 8, paragraphe 1, du RGPD.<\/span><\/li>\n<\/ul>\n<p><span>Si l&rsquo;une des raisons ci-dessus s&rsquo;applique et qu&rsquo;une personne concern\u00e9e souhaite que les donn\u00e9es personnelles stock\u00e9es par Skyline Pet Products GmbH soient supprim\u00e9es, elle peut \u00e0 tout moment contacter un employ\u00e9 du responsable du traitement.&nbsp;L&#8217;employ\u00e9 de Skyline Pet Products GmbH fera en sorte que la demande de suppression soit satisfaite imm\u00e9diatement.<\/span><\/p>\n<p><span>Si les donn\u00e9es personnelles ont \u00e9t\u00e9 rendues publiques par Skyline Pet Products GmbH et que notre soci\u00e9t\u00e9 est responsable en tant que responsable en vertu de l&rsquo;article 17, paragraphe 1 du RGPD pour supprimer les donn\u00e9es personnelles, Skyline Pet Products GmbH prendra en compte les co\u00fbts de technologie et de mise en \u0153uvre disponibles Mesures raisonnables, y compris techniques, pour informer les autres contr\u00f4leurs de donn\u00e9es qui traitent les donn\u00e9es personnelles publi\u00e9es que la personne concern\u00e9e a supprim\u00e9 tous les liens vers ces donn\u00e9es personnelles ou des copies de ceux-ci de ces autres contr\u00f4leurs de donn\u00e9es A demand\u00e9 la r\u00e9plication de ces donn\u00e9es personnelles, dans la mesure o\u00f9 le traitement n&rsquo;est pas n\u00e9cessaire.L&#8217;employ\u00e9 de Skyline Pet Products GmbH organisera le n\u00e9cessaire dans des cas individuels.<\/span><\/p>\n<p><span>e) Droit \u00e0 la limitation du traitement<\/span><br>\n<span>Toute personne concern\u00e9e par le traitement des donn\u00e9es personnelles a le droit accord\u00e9 par le donneur de directive et de r\u00e8glement europ\u00e9en de demander au responsable du traitement de restreindre le traitement si l&rsquo;une des conditions suivantes est remplie:<\/span><\/p>\n<ul>\n<li><span>La personne concern\u00e9e conteste l&rsquo;exactitude des donn\u00e9es personnelles pendant une p\u00e9riode qui permet au responsable de v\u00e9rifier l&rsquo;exactitude des donn\u00e9es personnelles.<\/span><\/li>\n<li><span>Le traitement est ill\u00e9gal, la personne concern\u00e9e refuse de supprimer les donn\u00e9es personnelles et demande \u00e0 la place que l&rsquo;utilisation des donn\u00e9es personnelles soit restreinte.<\/span><\/li>\n<li><span>Le responsable du traitement n&rsquo;a plus besoin des donn\u00e9es \u00e0 caract\u00e8re personnel aux fins du traitement, mais la personne concern\u00e9e en a besoin pour faire valoir, exercer ou d\u00e9fendre ses droits.<\/span><\/li>\n<li><span>La personne concern\u00e9e s&rsquo;est oppos\u00e9e au traitement conform\u00e9ment \u00e0&nbsp;L&rsquo;article 21, paragraphe 1, du RGPD et il n&rsquo;est pas encore clair si les raisons l\u00e9gitimes de la personne responsable l&#8217;emportent sur celles de la personne concern\u00e9e.<\/span><\/li>\n<\/ul>\n<p><span>Si l&rsquo;une des conditions ci-dessus est remplie et qu&rsquo;une personne concern\u00e9e souhaite restreindre les donn\u00e9es personnelles stock\u00e9es chez Skyline Pet Products GmbH, elle peut \u00e0 tout moment contacter un employ\u00e9 du responsable du traitement.&nbsp;L&#8217;employ\u00e9 de Skyline Pet Products GmbH fera en sorte que le traitement soit limit\u00e9.<\/span><\/p>\n<p><span>f) Droit \u00e0 la portabilit\u00e9 des donn\u00e9es<\/span><br>\n<span>Toute personne concern\u00e9e par le traitement des donn\u00e9es personnelles a le droit accord\u00e9 par le donneur de directive et de r\u00e8glement europ\u00e9en de recevoir les donn\u00e9es personnelles les concernant, qui ont \u00e9t\u00e9 fournies \u00e0 une personne responsable par la personne concern\u00e9e, dans un format structur\u00e9, commun et lisible par machine.&nbsp;Vous avez \u00e9galement le droit de transf\u00e9rer ces donn\u00e9es \u00e0 un autre responsable du traitement sans entrave de la part du responsable du traitement auquel les donn\u00e9es personnelles ont \u00e9t\u00e9 fournies, \u00e0 condition que le traitement soit bas\u00e9 sur le consentement conform\u00e9ment \u00e0 l&rsquo;article 6, paragraphe 1, lettre A du RGPD ou \u00e0 l&rsquo;article 9, paragraphe 2 lettre a RGPD ou sur la base d&rsquo;un contrat conform\u00e9ment \u00e0 l&rsquo;article 6, paragraphe 1, lettre b RGPD et le traitement est effectu\u00e9 \u00e0 l&rsquo;aide de processus automatis\u00e9s,<\/span><\/p>\n<p><span>En outre, lorsqu&rsquo;elle exerce son droit \u00e0 la portabilit\u00e9 des donn\u00e9es conform\u00e9ment \u00e0 l&rsquo;article 20, paragraphe 1, du RGPD, la personne concern\u00e9e a le droit de faire transf\u00e9rer les donn\u00e9es personnelles directement d&rsquo;une personne responsable \u00e0 une autre, dans la mesure o\u00f9 cela est techniquement r\u00e9alisable et si c&rsquo;est le cas. cela n&rsquo;affecte pas les droits et libert\u00e9s d&rsquo;autrui.<\/span><br>\n<span>Afin de faire valoir le droit \u00e0 la portabilit\u00e9 des donn\u00e9es, la personne concern\u00e9e peut \u00e0 tout moment contacter un employ\u00e9 de Skyline Pet Products GmbH.<\/span><\/p>\n<p><span>g) Droit d&rsquo;opposition<\/span><br>\n<span>Toute personne affect\u00e9e par le traitement des donn\u00e9es personnelles a le droit accord\u00e9 par la directive europ\u00e9enne et le donneur de r\u00e8glement, pour des raisons qui d\u00e9coulent de leur situation particuli\u00e8re, \u00e0 tout moment contre le traitement des donn\u00e9es personnelles la concernant, qui est bas\u00e9 sur l&rsquo;article 6 Le paragraphe 1 lettres e ou f DS-GVO a lieu pour s&rsquo;opposer.&nbsp;Cela s&rsquo;applique \u00e9galement au profilage bas\u00e9 sur ces dispositions.<\/span><br>\n<span>En cas d&rsquo;objection, Skyline Pet Products GmbH ne traitera plus les donn\u00e9es personnelles, sauf si nous pouvons d\u00e9montrer des raisons l\u00e9gitimes imp\u00e9rieuses pour le traitement qui l&#8217;emportent sur les int\u00e9r\u00eats, droits et libert\u00e9s de la personne concern\u00e9e, ou si le traitement sert \u00e0 affirmer, exercer ou d\u00e9fense de droits en justice.<\/span><\/p>\n<p><span>Si Skyline Pet Products GmbH traite des donn\u00e9es personnelles afin d&rsquo;exploiter le publipostage, la personne concern\u00e9e a le droit de s&rsquo;opposer \u00e0 tout moment au traitement des donn\u00e9es personnelles aux fins d&rsquo;une telle publicit\u00e9.&nbsp;Cela vaut \u00e9galement pour le profilage dans la mesure o\u00f9 il est li\u00e9 \u00e0 une telle publicit\u00e9 directe.&nbsp;Si la personne concern\u00e9e s&rsquo;oppose \u00e0 Skyline Pet Products GmbH pour un traitement \u00e0 des fins de marketing direct, Skyline Pet Products GmbH ne traitera plus les donn\u00e9es personnelles \u00e0 ces fins.<\/span><\/p>\n<p><span>En outre, la personne concern\u00e9e a le droit, pour des raisons d\u00e9coulant de sa situation particuli\u00e8re, de ne pas traiter les donn\u00e9es \u00e0 caract\u00e8re personnel les concernant, qui sont effectu\u00e9es chez Skyline Pet Products GmbH \u00e0 des fins de recherche scientifique ou historique ou \u00e0 des fins statistiques conform\u00e9ment \u00e0 l&rsquo;article 89, paragraphe 1 Le RGPD a lieu pour s&rsquo;opposer, \u00e0 moins qu&rsquo;un tel traitement ne soit n\u00e9cessaire pour accomplir une t\u00e2che dans l&rsquo;int\u00e9r\u00eat public.<\/span><br>\n<span>Pour exercer son droit d&rsquo;opposition, la personne concern\u00e9e peut contacter directement tout employ\u00e9 de Skyline Pet Products GmbH ou un autre employ\u00e9.&nbsp;La personne concern\u00e9e est \u00e9galement libre d&rsquo;exercer son droit d&rsquo;opposition dans le cadre de l&rsquo;utilisation des services de la soci\u00e9t\u00e9 de l&rsquo;information, ind\u00e9pendamment de la directive 2002\/58 \/ CE, au moyen de proc\u00e9dures automatis\u00e9es utilisant des sp\u00e9cifications techniques.<\/span><\/p>\n<p><span>h) D\u00e9cisions automatis\u00e9es dans des cas individuels, y compris le profilage<\/span><br>\n<span>Toute personne concern\u00e9e par le traitement de donn\u00e9es \u00e0 caract\u00e8re personnel a le droit accord\u00e9 par les directeurs et r\u00e9gulateurs europ\u00e9ens de ne pas \u00eatre soumise \u00e0 une d\u00e9cision fond\u00e9e uniquement sur un traitement automatis\u00e9 &#8211; y compris le profilage &#8211; qui a des effets juridiques ou qui les affecte de mani\u00e8re similaire de mani\u00e8re significative si la d\u00e9cision (1) n&rsquo;est pas n\u00e9cessaire \u00e0 la conclusion ou \u00e0 l&rsquo;ex\u00e9cution d&rsquo;un contrat entre la personne concern\u00e9e et le responsable du traitement, ou (2) sur la base du droit de l&rsquo;Union ou de l&rsquo;\u00c9tat membre auquel le responsable du traitement est soumis,est autoris\u00e9e et ces dispositions l\u00e9gales contiennent des mesures appropri\u00e9es pour prot\u00e9ger les droits et libert\u00e9s ainsi que les int\u00e9r\u00eats l\u00e9gitimes de la personne concern\u00e9e ou (3) sont effectu\u00e9es avec le consentement expr\u00e8s de la personne concern\u00e9e.<\/span><\/p>\n<p><span>Si la d\u00e9cision (1) est n\u00e9cessaire \u00e0 la conclusion ou \u00e0 l&rsquo;ex\u00e9cution d&rsquo;un contrat entre la personne concern\u00e9e et la personne responsable ou (2) elle est prise avec le consentement expr\u00e8s de la personne concern\u00e9e, Skyline Pet Products GmbH prend \u00e9galement les mesures appropri\u00e9es pour prot\u00e9ger les droits et libert\u00e9s. prot\u00e9ger les int\u00e9r\u00eats l\u00e9gitimes de la personne concern\u00e9e, ce qui inclut au moins le droit d&rsquo;obtenir l&rsquo;intervention d&rsquo;une personne de la part de la personne responsable, d&rsquo;exprimer sa propre position et de contester la d\u00e9cision.<\/span><br>\n<span>Si la personne concern\u00e9e souhaite faire valoir ses droits en mati\u00e8re de d\u00e9cisions automatis\u00e9es, elle peut \u00e0 tout moment contacter un employ\u00e9 du responsable du traitement.<\/span><\/p>\n<p><span>i) Droit de r\u00e9voquer le consentement en vertu de la loi sur la protection des donn\u00e9es<\/span><br>\n<span>Toute personne affect\u00e9e par le traitement des donn\u00e9es personnelles a le droit accord\u00e9 par la directive et le r\u00e8glement europ\u00e9en donneur de r\u00e9voquer le consentement au traitement des donn\u00e9es personnelles \u00e0 tout moment.<\/span><br>\n<span>Si la personne concern\u00e9e souhaite exercer son droit de retirer son consentement, elle peut \u00e0 tout moment contacter un employ\u00e9 du responsable du traitement.<\/span><\/p>\n<p><strong><span>7. Base juridique du traitement<\/span><\/strong><br>\n<span>Article 6 Je me suis allum\u00e9.&nbsp;un RGPD sert \u00e0 notre entreprise de base juridique pour les op\u00e9rations de traitement lorsque nous obtenons un consentement \u00e0 des fins de traitement sp\u00e9cifiques.&nbsp;Si le traitement des donn\u00e9es personnelles est n\u00e9cessaire \u00e0 l&rsquo;ex\u00e9cution d&rsquo;un contrat auquel la personne concern\u00e9e est partie, comme c&rsquo;est le cas, par exemple, pour les traitements n\u00e9cessaires \u00e0 la livraison de marchandises ou \u00e0 la fourniture de tout autre service ou contrepartie, le traitement est bas\u00e9 sur Article 6 Je me suis allum\u00e9.&nbsp;b RGPD.&nbsp;Il en va de m\u00eame pour les traitements n\u00e9cessaires \u00e0 l&rsquo;ex\u00e9cution de mesures pr\u00e9contractuelles, par exemple en cas de demandes de renseignements sur nos produits ou services.&nbsp;Si notre soci\u00e9t\u00e9 est soumise \u00e0 une obligation l\u00e9gale qui n\u00e9cessite le traitement de donn\u00e9es \u00e0 caract\u00e8re personnel, telle que pour remplir des obligations fiscales, le traitement est bas\u00e9 sur l&rsquo;article 6 I lit.&nbsp;c RGPD.&nbsp;Dans de rares cas, le traitement des donn\u00e9es personnelles peut \u00eatre n\u00e9cessaire pour prot\u00e9ger les int\u00e9r\u00eats vitaux de la personne concern\u00e9e ou d&rsquo;une autre personne physique.&nbsp;Ce serait le cas, par exemple, si un visiteur de notre entreprise \u00e9tait bless\u00e9 et que son nom, son \u00e2ge, ses donn\u00e9es d&rsquo;assurance maladie ou d&rsquo;autres informations vitales devaient \u00eatre transmis \u00e0 un m\u00e9decin, un h\u00f4pital ou un autre tiers.&nbsp;Ensuite, le traitement serait bas\u00e9 sur l&rsquo;article 6 que j&rsquo;ai allum\u00e9.&nbsp;d RGPD.&nbsp;En fin de compte, les op\u00e9rations de traitement pourraient \u00eatre bas\u00e9es sur l&rsquo;article 6 I lit.&nbsp;f RGPD.&nbsp;Les op\u00e9rations de traitement qui ne sont couvertes par aucune des bases juridiques susmentionn\u00e9es sont bas\u00e9es sur cette base juridique si le traitement est n\u00e9cessaire pour sauvegarder les int\u00e9r\u00eats l\u00e9gitimes de notre entreprise ou d&rsquo;un tiers, \u00e0 condition que les int\u00e9r\u00eats, droits fondamentaux et libert\u00e9s de la personne concern\u00e9e ne les emportent pas.&nbsp;Ces traitements nous sont autoris\u00e9s notamment parce qu&rsquo;ils ont \u00e9t\u00e9 sp\u00e9cifiquement mentionn\u00e9s par le l\u00e9gislateur europ\u00e9en.&nbsp;\u00c0 cet \u00e9gard, il a consid\u00e9r\u00e9 qu&rsquo;un int\u00e9r\u00eat l\u00e9gitime pouvait \u00eatre pr\u00e9sum\u00e9 si la personne concern\u00e9e \u00e9tait un client de la personne responsable (consid\u00e9rant 47, phrase 2 du RGPD).&nbsp;si le traitement est n\u00e9cessaire pour sauvegarder un int\u00e9r\u00eat l\u00e9gitime de notre soci\u00e9t\u00e9 ou d&rsquo;un tiers, \u00e0 condition que les int\u00e9r\u00eats, droits et libert\u00e9s fondamentaux de la personne concern\u00e9e ne les emportent pas.&nbsp;Ces traitements nous sont autoris\u00e9s notamment parce qu&rsquo;ils ont \u00e9t\u00e9 sp\u00e9cifiquement mentionn\u00e9s par le l\u00e9gislateur europ\u00e9en.&nbsp;\u00c0 cet \u00e9gard, il a consid\u00e9r\u00e9 qu&rsquo;un int\u00e9r\u00eat l\u00e9gitime pouvait \u00eatre pr\u00e9sum\u00e9 si la personne concern\u00e9e \u00e9tait un client de la personne responsable (consid\u00e9rant 47, phrase 2 du RGPD).&nbsp;si le traitement est n\u00e9cessaire pour sauvegarder un int\u00e9r\u00eat l\u00e9gitime de notre soci\u00e9t\u00e9 ou d&rsquo;un tiers, \u00e0 condition que les int\u00e9r\u00eats, droits et libert\u00e9s fondamentaux de la personne concern\u00e9e ne les emportent pas.&nbsp;Ces traitements nous sont autoris\u00e9s notamment parce qu&rsquo;ils ont \u00e9t\u00e9 sp\u00e9cifiquement mentionn\u00e9s par le l\u00e9gislateur europ\u00e9en.&nbsp;\u00c0 cet \u00e9gard, il a consid\u00e9r\u00e9 qu&rsquo;un int\u00e9r\u00eat l\u00e9gitime pouvait \u00eatre pr\u00e9sum\u00e9 si la personne concern\u00e9e \u00e9tait un client de la personne responsable (consid\u00e9rant 47, phrase 2 du RGPD).&nbsp;<\/span><\/p>\n<p><strong><span>8. Int\u00e9r\u00eats l\u00e9gitimes dans le traitement exerc\u00e9 par le responsable ou un tiers<\/span><\/strong><br>\n<span>Le traitement des donn\u00e9es personnelles est bas\u00e9 sur l&rsquo;article 6 I lit.&nbsp;f Le RGPD est notre int\u00e9r\u00eat l\u00e9gitime \u00e0 mener nos activit\u00e9s au profit de tous nos employ\u00e9s et de nos actionnaires.<\/span><\/p>\n<p><strong><span>9. Dur\u00e9e de conservation des donn\u00e9es personnelles<\/span><\/strong><br>\n<span>Le crit\u00e8re de dur\u00e9e de conservation des donn\u00e9es personnelles est la dur\u00e9e de conservation l\u00e9gale respective.&nbsp;Apr\u00e8s l&rsquo;expiration du d\u00e9lai, les donn\u00e9es correspondantes seront syst\u00e9matiquement supprim\u00e9es, \u00e0 condition qu&rsquo;elles ne soient plus n\u00e9cessaires \u00e0 l&rsquo;ex\u00e9cution ou \u00e0 l&rsquo;engagement d&rsquo;un contrat.<\/span><\/p>\n<p><strong><span>10. Dispositions l\u00e9gales ou contractuelles pour la fourniture de donn\u00e9es personnelles;&nbsp;N\u00e9cessit\u00e9 de conclure le contrat;&nbsp;Obligation de la personne concern\u00e9e de fournir les donn\u00e9es personnelles;&nbsp;cons\u00e9quences possibles de ne pas fournir<\/span><\/strong><br>\n<span>Nous vous informerons que la fourniture de donn\u00e9es \u00e0 caract\u00e8re personnel est en partie requise par la loi (par exemple, les r\u00e9glementations fiscales) ou peut \u00e9galement r\u00e9sulter de r\u00e9glementations contractuelles (par exemple, des informations sur la partie contractante).&nbsp;Parfois, il peut \u00eatre n\u00e9cessaire de conclure un contrat selon lequel une personne concern\u00e9e nous fournit des donn\u00e9es personnelles que nous devons ensuite traiter.&nbsp;Par exemple, la personne concern\u00e9e est oblig\u00e9e de nous fournir des donn\u00e9es personnelles si notre entreprise conclut un contrat avec elle.&nbsp;Le d\u00e9faut de fournir des donn\u00e9es personnelles entra\u00eenerait la non-conclusion du contrat avec la personne concern\u00e9e.&nbsp;Avant que la personne concern\u00e9e ne fournisse des donn\u00e9es personnelles, la personne concern\u00e9e doit contacter l&rsquo;un de nos employ\u00e9s.&nbsp;<\/span><\/p>\n<p><strong><span>11. Existence d&rsquo;une prise de d\u00e9cision automatis\u00e9e<\/span><\/strong><br>\n<span>En tant qu&rsquo;entreprise responsable, nous n&rsquo;utilisons pas de prise de d\u00e9cision automatique ni de profilage.<\/span><\/p>\n<p><span>Cette d\u00e9claration de protection des donn\u00e9es a \u00e9t\u00e9 cr\u00e9\u00e9e par le g\u00e9n\u00e9rateur de d\u00e9claration de protection des donn\u00e9es de la DGD Soci\u00e9t\u00e9 allemande pour la protection des donn\u00e9es GmbH, qui travaille en tant que responsable&nbsp;&nbsp;<\/span><a href=\"https:\/\/dg-datenschutz.de\/datenschutz-dienstleistungen\/externer-datenschutzbeauftragter\/\"><span>externe de la protection des donn\u00e9es Hof<\/span><\/a><span>&nbsp;, en coop\u00e9ration avec l&rsquo;&nbsp;<\/span><a href=\"https:\/\/www.wbs-law.de\/it-recht\/datenschutzrecht\/\"><span>avocat de<\/span><\/a><span>&nbsp;la&nbsp;&nbsp;<a href=\"https:\/\/www.wbs-law.de\/it-recht\/datenschutzrecht\/\">loi sur la protection des donn\u00e9es<\/a>&nbsp;&nbsp;Christian Solmecke.<\/span><\/p>\n\n\n<p><\/p>\n","protected":false},"excerpt":{"rendered":"<p>D\u00e9claration de protection des donn\u00e9es Nous sommes tr\u00e8s heureux que vous soyez int\u00e9ress\u00e9 par notre entreprise.&nbsp;La protection des donn\u00e9es a une priorit\u00e9 particuli\u00e8rement \u00e9lev\u00e9e pour la<span class=\"excerpt-hellip\"> [\u2026]<\/span><\/p>\n","protected":false},"author":1,"featured_media":0,"parent":0,"menu_order":0,"comment_status":"closed","ping_status":"open","template":"","meta":{"footnotes":""},"class_list":["post-4938","page","type-page","status-publish","hentry"],"yoast_head":"<!-- This site is optimized with the Yoast SEO plugin v27.1.1 - https:\/\/yoast.com\/product\/yoast-seo-wordpress\/ -->\n<title>politique de confidentialit\u00e9 - Skyline - Lifestyle f\u00fcr Tiere<\/title>\n<meta name=\"robots\" content=\"index, follow, max-snippet:-1, max-image-preview:large, max-video-preview:-1\" \/>\n<link rel=\"canonical\" href=\"https:\/\/www.skyline.de\/fr\/politique-de-confidentialite\/\" \/>\n<meta property=\"og:locale\" content=\"fr_FR\" \/>\n<meta property=\"og:type\" content=\"article\" \/>\n<meta property=\"og:title\" content=\"politique de confidentialit\u00e9 - Skyline - Lifestyle f\u00fcr Tiere\" \/>\n<meta property=\"og:description\" content=\"D\u00e9claration de protection des donn\u00e9es Nous sommes tr\u00e8s heureux que vous soyez int\u00e9ress\u00e9 par notre entreprise.&nbsp;La protection des donn\u00e9es a une priorit\u00e9 particuli\u00e8rement \u00e9lev\u00e9e pour la [\u2026]\" \/>\n<meta property=\"og:url\" content=\"https:\/\/www.skyline.de\/fr\/politique-de-confidentialite\/\" \/>\n<meta property=\"og:site_name\" content=\"Skyline - Lifestyle f\u00fcr Tiere\" \/>\n<meta property=\"article:modified_time\" content=\"2020-04-16T04:24:31+00:00\" \/>\n<meta name=\"twitter:card\" content=\"summary_large_image\" \/>\n<meta name=\"twitter:label1\" content=\"Dur\u00e9e de lecture estim\u00e9e\" \/>\n\t<meta name=\"twitter:data1\" content=\"26 minutes\" \/>\n<script type=\"application\/ld+json\" class=\"yoast-schema-graph\">{\"@context\":\"https:\/\/schema.org\",\"@graph\":[{\"@type\":\"WebPage\",\"@id\":\"https:\/\/www.skyline.de\/fr\/politique-de-confidentialite\/\",\"url\":\"https:\/\/www.skyline.de\/fr\/politique-de-confidentialite\/\",\"name\":\"politique de confidentialit\u00e9 - Skyline - Lifestyle f\u00fcr Tiere\",\"isPartOf\":{\"@id\":\"https:\/\/www.skyline.de\/#website\"},\"datePublished\":\"2020-04-16T04:24:29+00:00\",\"dateModified\":\"2020-04-16T04:24:31+00:00\",\"breadcrumb\":{\"@id\":\"https:\/\/www.skyline.de\/fr\/politique-de-confidentialite\/#breadcrumb\"},\"inLanguage\":\"fr-FR\",\"potentialAction\":[{\"@type\":\"ReadAction\",\"target\":[\"https:\/\/www.skyline.de\/fr\/politique-de-confidentialite\/\"]}]},{\"@type\":\"BreadcrumbList\",\"@id\":\"https:\/\/www.skyline.de\/fr\/politique-de-confidentialite\/#breadcrumb\",\"itemListElement\":[{\"@type\":\"ListItem\",\"position\":1,\"name\":\"Startseite\",\"item\":\"https:\/\/www.skyline.de\/fr\/\"},{\"@type\":\"ListItem\",\"position\":2,\"name\":\"politique de confidentialit\u00e9\"}]},{\"@type\":\"WebSite\",\"@id\":\"https:\/\/www.skyline.de\/#website\",\"url\":\"https:\/\/www.skyline.de\/\",\"name\":\"Skyline - Lifestyle f\u00fcr Tiere\",\"description\":\"Katzen, Hunde, Wild- und Gartenv\u00f6gel, Insekten, H\u00fchner, Zierv\u00f6gel, Zwergkaninchen, Meerschweinchen, Hamster, Ratten, M\u00e4use\",\"potentialAction\":[{\"@type\":\"SearchAction\",\"target\":{\"@type\":\"EntryPoint\",\"urlTemplate\":\"https:\/\/www.skyline.de\/?s={search_term_string}\"},\"query-input\":{\"@type\":\"PropertyValueSpecification\",\"valueRequired\":true,\"valueName\":\"search_term_string\"}}],\"inLanguage\":\"fr-FR\"}]}<\/script>\n<!-- \/ Yoast SEO plugin. -->","yoast_head_json":{"title":"politique de confidentialit\u00e9 - Skyline - Lifestyle f\u00fcr Tiere","robots":{"index":"index","follow":"follow","max-snippet":"max-snippet:-1","max-image-preview":"max-image-preview:large","max-video-preview":"max-video-preview:-1"},"canonical":"https:\/\/www.skyline.de\/fr\/politique-de-confidentialite\/","og_locale":"fr_FR","og_type":"article","og_title":"politique de confidentialit\u00e9 - Skyline - Lifestyle f\u00fcr Tiere","og_description":"D\u00e9claration de protection des donn\u00e9es Nous sommes tr\u00e8s heureux que vous soyez int\u00e9ress\u00e9 par notre entreprise.&nbsp;La protection des donn\u00e9es a une priorit\u00e9 particuli\u00e8rement \u00e9lev\u00e9e pour la [\u2026]","og_url":"https:\/\/www.skyline.de\/fr\/politique-de-confidentialite\/","og_site_name":"Skyline - Lifestyle f\u00fcr Tiere","article_modified_time":"2020-04-16T04:24:31+00:00","twitter_card":"summary_large_image","twitter_misc":{"Dur\u00e9e de lecture estim\u00e9e":"26 minutes"},"schema":{"@context":"https:\/\/schema.org","@graph":[{"@type":"WebPage","@id":"https:\/\/www.skyline.de\/fr\/politique-de-confidentialite\/","url":"https:\/\/www.skyline.de\/fr\/politique-de-confidentialite\/","name":"politique de confidentialit\u00e9 - Skyline - Lifestyle f\u00fcr Tiere","isPartOf":{"@id":"https:\/\/www.skyline.de\/#website"},"datePublished":"2020-04-16T04:24:29+00:00","dateModified":"2020-04-16T04:24:31+00:00","breadcrumb":{"@id":"https:\/\/www.skyline.de\/fr\/politique-de-confidentialite\/#breadcrumb"},"inLanguage":"fr-FR","potentialAction":[{"@type":"ReadAction","target":["https:\/\/www.skyline.de\/fr\/politique-de-confidentialite\/"]}]},{"@type":"BreadcrumbList","@id":"https:\/\/www.skyline.de\/fr\/politique-de-confidentialite\/#breadcrumb","itemListElement":[{"@type":"ListItem","position":1,"name":"Startseite","item":"https:\/\/www.skyline.de\/fr\/"},{"@type":"ListItem","position":2,"name":"politique de confidentialit\u00e9"}]},{"@type":"WebSite","@id":"https:\/\/www.skyline.de\/#website","url":"https:\/\/www.skyline.de\/","name":"Skyline - Lifestyle f\u00fcr Tiere","description":"Katzen, Hunde, Wild- und Gartenv\u00f6gel, Insekten, H\u00fchner, Zierv\u00f6gel, Zwergkaninchen, Meerschweinchen, Hamster, Ratten, M\u00e4use","potentialAction":[{"@type":"SearchAction","target":{"@type":"EntryPoint","urlTemplate":"https:\/\/www.skyline.de\/?s={search_term_string}"},"query-input":{"@type":"PropertyValueSpecification","valueRequired":true,"valueName":"search_term_string"}}],"inLanguage":"fr-FR"}]}},"_links":{"self":[{"href":"https:\/\/www.skyline.de\/fr\/wp-json\/wp\/v2\/pages\/4938","targetHints":{"allow":["GET"]}}],"collection":[{"href":"https:\/\/www.skyline.de\/fr\/wp-json\/wp\/v2\/pages"}],"about":[{"href":"https:\/\/www.skyline.de\/fr\/wp-json\/wp\/v2\/types\/page"}],"author":[{"embeddable":true,"href":"https:\/\/www.skyline.de\/fr\/wp-json\/wp\/v2\/users\/1"}],"replies":[{"embeddable":true,"href":"https:\/\/www.skyline.de\/fr\/wp-json\/wp\/v2\/comments?post=4938"}],"version-history":[{"count":4,"href":"https:\/\/www.skyline.de\/fr\/wp-json\/wp\/v2\/pages\/4938\/revisions"}],"predecessor-version":[{"id":4954,"href":"https:\/\/www.skyline.de\/fr\/wp-json\/wp\/v2\/pages\/4938\/revisions\/4954"}],"wp:attachment":[{"href":"https:\/\/www.skyline.de\/fr\/wp-json\/wp\/v2\/media?parent=4938"}],"curies":[{"name":"wp","href":"https:\/\/api.w.org\/{rel}","templated":true}]}}